{"id":14734,"date":"2021-12-09T20:47:44","date_gmt":"2021-12-09T20:47:44","guid":{"rendered":"https:\/\/www.korpulfar.is\/?page_id=14734"},"modified":"2021-12-09T20:47:44","modified_gmt":"2021-12-09T20:47:44","slug":"lusia","status":"publish","type":"page","link":"https:\/\/korpulfar.is\/?page_id=14734","title":{"rendered":"LUSIA"},"content":{"rendered":"<p>\u00dea\u00f0 ger\u00f0ist um \u00fea\u00f0 bil \u00e1ri\u00f0 304 eftir Krist \u00ed \u00feorpinu Syrakusa \u00e1 Sikiley, sem er eins og \u00fei\u00f0 viti\u00f0 st\u00e6rsta eyjan \u00ed Mi\u00f0jar\u00f0arhafinu og st\u00e6rsta s\u00fdsla \u00cdtal\u00edu .<\/p>\n<p>Mamma L\u00fasiu sem haf\u00f0i elda\u00f0 s\u00e9r fyllta \u00f6nd daginn \u00e1\u00f0ur \u00a0en atbur\u00f0ur \u00feessarar fr\u00e1sagnar hefst.H\u00fan haf\u00f0i\u00a0 gleymt a\u00f0 setja sveskjur \u00ed fyllinguna.<\/p>\n<p>N\u00fa f\u00e6r h\u00fan miklar innant\u00f6kur og hjartverk. \u00a0\u00deetta mun hafa stafa\u00f0 af \u00fev\u00ed a\u00f0 sveskjurnar vanta\u00f0i \u00ed fyllinguna.<\/p>\n<p>\u00dea\u00f0 er ekki a\u00f0 or\u00f0lengja \u00fea\u00f0, en d\u00f3ttir hennar h\u00fan L\u00fasia var\u00f0 skelkju\u00f0 mj\u00f6g og taldi a\u00f0 m\u00f3\u00f0ir s\u00edn myndi deyja \u00fe\u00e1 um daginn. H\u00fan leita\u00f0i \u00fev\u00ed til gamallar konu sem h\u00e9t Agata, og var talin vita meira en flestir a\u00f0rir \u00ed \u00feorpinu um innant\u00f6kur.<\/p>\n<p>Agata bruggar n\u00fa mj\u00f6\u00f0, sem vi\u00f0 n\u00fa \u00e1 d\u00f6gum k\u00f6llum verk og vindey\u00f0andi. M\u00f3\u00f0ir L\u00fasiu f\u00e6r n\u00fa fl\u00f6sku me\u00f0 \u00feessum mi\u00f0i og segir Agata a\u00f0 h\u00fan eigi a\u00f0 f\u00e1 s\u00e9r sopa \u00e1 h\u00e1lft\u00edma fresti. \u00deetta gerir svo m\u00f3\u00f0ir L\u00fasiu samviskusamlega. Viti menn eftir fj\u00f3rar innt\u00f6kur, stendur s\u00fa dau\u00f0vona upp og segist \u00feurfa a\u00f0 breg\u00f0a s\u00e9r fr\u00e1.<\/p>\n<p>Heyrast n\u00fa miklir skru\u00f0ningar fr\u00e1 pr\u00edvati \u00fev\u00ed, sem n\u00fa til dags kalla\u00f0 salerni, en \u00ed \u00fe\u00e1 daga kamar. \u00deessu vir\u00f0ist ekki \u00e6tla a\u00f0 linna, og hefur L\u00fasia miklar \u00e1hyggjur af \u00feessum hlj\u00f3\u00f0um. \u00dea\u00f0 var \u00fe\u00e1 sem Lusia sn\u00fdr s\u00e9r til himins og heitir \u00fev\u00ed a\u00f0 tilbi\u00f0ja gu\u00f0 og vera hrein mey til \u00e6viloka, ef m\u00f3\u00f0ir hennar deyi ekki.<\/p>\n<p>\u00cd \u00feessum heitstrengingum ske\u00f0ur \u00fea\u00f0 a\u00f0 hlj\u00f3\u00f0in fr\u00e1 kamrinum hlj\u00f3\u00f0na. L\u00fasia l\u00e6\u00f0ist a\u00f0 kamrinum og hv\u00edslar ertu lifandi m\u00f3\u00f0ir m\u00edn ?<\/p>\n<p>Hur\u00f0in \u00e1 kamrinum opnast og m\u00f3\u00f0ir L\u00fasiu gengur \u00fat og segir, miki\u00f0 var \u00feetta n\u00fa losandi sem h\u00fan Agata brugga\u00f0i fyrir mig, b\u00e6tir svo vi\u00f0, \u00e9g ver\u00f0 a\u00f0 muna eftir sveskjunum n\u00e6st \u00feegar \u00e9g geri fyllingu.<\/p>\n<p>&nbsp;<\/p>\n<p>N\u00fa gerist \u00fea\u00f0 a\u00f0 L\u00fasia segir fr\u00e1 heiti s\u00ednu vi\u00f0 alm\u00e6tti\u00f0, um a\u00f0 h\u00fan \u00e6tli ekki a\u00f0 missa meyd\u00f3minn, en L\u00fasia var tr\u00falofu\u00f0 str\u00e1k \u00far \u00fev\u00ed hverfi \u00ed Syrakusa sem vi\u00f0 myndum kalla Vogana h\u00e9r \u00e1 \u00cdslandi.<\/p>\n<p>\u00deegar str\u00e1kurinn \u00far Vogunum fr\u00e9ttir \u00feetta segir hann vi\u00f0 L\u00fasiu s\u00edna, heyr\u00f0u L\u00fasia hva\u00f0a vitleysa er \u00feetta sem \u00e9g heyri, \u00a0a\u00f0 \u00fe\u00fa s\u00e9rt h\u00e6tt me\u00f0 m\u00e9r og \u00e6tlir ekki a\u00f0 leyfa neinum a\u00f0 fara upp \u00e1 \u00feig.<\/p>\n<p>J\u00e1 minn k\u00e6ri \u00e9g lofa\u00f0i gu\u00f0i \u00fev\u00ed, ef h\u00fan m\u00f3\u00f0ir m\u00edn myndi lifa.<\/p>\n<p>\u00deetta l\u00edst m\u00e9r ekkert \u00e1 segir str\u00e1kurinn \u00far Vogunum.<\/p>\n<p>L\u00fasia sat vi\u00f0 sinn keip, \u00a0og ekki n\u00f3g me\u00f0 \u00fea\u00f0 heldur f\u00f3r a\u00f0 deila heimanmundinum sem h\u00fan \u00e1tti a\u00f0 f\u00e1 \u00feegar h\u00fan giftist str\u00e1kum, me\u00f0al f\u00e1t\u00e6klinga.<\/p>\n<p>N\u00fa var piltinum n\u00f3g bo\u00f0i\u00f0 L\u00fasia ekki lengur hans og heimanmundurinn gefin \u00f6lmusuf\u00f3lki sem \u00ed dag eru kalla\u00f0ir atvinnuleysingjar.<\/p>\n<p>Hann \u00e1kva\u00f0 a\u00f0 hefna s\u00edn \u00e1 L\u00fasiu og k\u00e6r\u00f0i hana til Keisarans \u00ed R\u00f3m sem \u00fe\u00e1 var Constantin fyrsti fyrir a\u00f0 vera kristin.<\/p>\n<p>\u00deegar L\u00fasia f\u00e9kk stefnuna fr\u00e1 f\u00f3getanum, og s\u00e1 fyrir hva\u00f0 h\u00fan v\u00e6ri \u00e1k\u00e6r\u00f0, \u00fe\u00e1 stakk h\u00fan \u00far s\u00e9r b\u00e6\u00f0i augun og sendi k\u00e6rastanum \u00feau \u00e1 undirsk\u00e1l.<\/p>\n<p>Venjulega voru kristnir settir \u00ed Coloseum hringleikah\u00fasi\u00f0 \u00ed R\u00f3m, og lj\u00f3n og \u00f6nnur \u00f3argad\u00fdr l\u00e1tin sj\u00e1 um aft\u00f6kurnar, til mikillar gle\u00f0i og \u00e1n\u00e6gju fyrir \u00e1horfendur, sem yfirleitt voru mj\u00f6g margir.<\/p>\n<p>En f\u00f3getanum \u00ed Syrakusa \u00fe\u00f3tti r\u00e9ttara a\u00f0 refsa L\u00fasiu me\u00f0 \u00e6vilangri \u00fer\u00e6lkun, \u00fear sem h\u00fan var augnalaus og l\u00edklega ekkert vari\u00f0 \u00ed a\u00f0 setja hana fyrir \u00f3argad\u00fdr.<\/p>\n<p>\u00deegar menn f\u00f3getans \u00e6tlu\u00f0u a\u00f0 n\u00e1 \u00ed L\u00fasiu, til a\u00f0 flytja hana \u00ed \u00fer\u00e6lab\u00fa\u00f0irnar, \u00fe\u00e1 \u00fe\u00e1 breg\u00f0ur svo vi\u00f0 a\u00f0 \u00feeir geta ekki hreyft hana.<\/p>\n<p>\u00deeir r\u00e1\u00f0a n\u00fa r\u00e1\u00f0um s\u00ednum um stund. \u00de\u00e1 segir einn herma\u00f0urinn, hvernig v\u00e6ri a\u00f0 brenna hana ? \u00deetta \u00fe\u00f3tti m\u00f6nnum f\u00f3getans heillar\u00e1\u00f0. \u00deeir bera n\u00fa eld a\u00f0 L\u00fasiu, en \u00fe\u00e1 ske\u00f0ur \u00fea\u00f0 a\u00f0 eldurinn v\u00edkur fr\u00e1 henni . \u00deeir reyna n\u00fa \u00fdmsar lei\u00f0ir til a\u00f0 kveikja \u00ed L\u00fasiu en alltaf v\u00edkur eldurinn fr\u00e1 henni.<\/p>\n<p>\u00dea\u00f0 er a\u00f0 koma kv\u00f6ld og samkv\u00e6mt vinnul\u00f6ggj\u00f6f keisarans \u00ed R\u00f3m m\u00e1tti ekki vinna eftir klukkan fimm.<\/p>\n<p>\u00d6ll aukavinna haf\u00f0i veri\u00f0 b\u00f6nnu\u00f0 \u00e1ri\u00f0 303 eftir Krist, svo n\u00fa voru hermenn f\u00f3getans a\u00f0 komast \u00ed mestu vandr\u00e6\u00f0i,<\/p>\n<p>Hva\u00f0 skyldi til til brag\u00f0s taka ? \u00dear sem klukkuna vanta\u00f0i korter \u00ed fimm var\u00f0 a\u00f0 hafa hra\u00f0ann \u00e1.<\/p>\n<p>\u00dea\u00f0 var \u00fe\u00e1 sem einn undirforingi \u00ed flokki f\u00f3getans dr\u00f3 sver\u00f0 sitt \u00far beltinu og stakk \u00fev\u00ed \u00ed h\u00e1ls L\u00fasiu, \u00fea\u00f0 var\u00f0 hennar bani.<\/p>\n<p>L\u00fasia \u00feessi var svo tekin \u00ed d\u00fdr\u00f0lygat\u00f6lu af p\u00e1fanum \u00ed R\u00f3m l\u00f6ngu seinna.<\/p>\n<p>\u00c1 Grand Kanar\u00ed heitir eitt \u00feorpi\u00f0 meira a\u00f0 segja Santa Lusia, svo sj\u00e1 m\u00e1 a\u00f0 \u00feessi saga er ekkert bull sem \u00e9g hef sett saman.<\/p>\n<p>L\u00fasiu er minnst 13.desember, \u00fear sem \u00fea\u00f0 var talinn stysti dagur \u00e1rsins\u00a0 eftir J\u00falianska t\u00edmatalinu, sem J\u00fal\u00edus Cesar l\u00e9t reikna fyrir sig um 46 fyrir Krist.<\/p>\n<p>Eftir Gregor\u00edska t\u00edmatalinu, sem Gregory 13 p\u00e1fi innleiddi 1582 og vi\u00f0 notumst vi\u00f0 er stysti dagur \u00e1rsins 22 desember.<\/p>\n<p>\u00c1 L\u00fasiudaginn 13 desember er einhver falleg st\u00falka kl\u00e6dd \u00ed hv\u00edtan kirtil til marks um hreinleika hennar, Gjarnan er settur rau\u00f0ur lindi um hana mi\u00f0ja sem lafir ni\u00f0ur \u00e1 t\u00e6r. \u00dea\u00f0 t\u00e1knar bl\u00f3\u00f0i\u00f0 sem rann \u00far h\u00e1lsi hennar \u00e1 dau\u00f0astundinni.<\/p>\n<p>Kertin sem sett eru \u00ed krans og s\u00ed\u00f0an \u00e1 h\u00f6fu\u00f0 L\u00fas\u00edunnar er til a\u00f0 minnast \u00feess a\u00f0 eldur vann ekki\u00a0 \u00e1 henni.<\/p>\n<p>L\u00fas\u00edur n\u00fat\u00edmans f\u00e1 \u00fe\u00f3 a\u00f0 halda augunum, og \u00feurfa ekki a\u00f0 lofa neinu um meyd\u00f3m sinn.<\/p>\n<p><a href=\"http:\/\/www.korpulfar.is\/wp-content\/uploads\/2021\/12\/download-2.jpg\"><img decoding=\"async\" loading=\"lazy\" class=\"size-full wp-image-14740 aligncenter\" src=\"http:\/\/www.korpulfar.is\/wp-content\/uploads\/2021\/12\/download-2.jpg\" alt=\"\" width=\"225\" height=\"225\" srcset=\"http:\/\/www.korpulfar.is\/wp-content\/uploads\/2021\/12\/download-2.jpg 225w, http:\/\/www.korpulfar.is\/wp-content\/uploads\/2021\/12\/download-2-150x150.jpg 150w, http:\/\/www.korpulfar.is\/wp-content\/uploads\/2021\/12\/download-2-90x90.jpg 90w, http:\/\/www.korpulfar.is\/wp-content\/uploads\/2021\/12\/download-2-75x75.jpg 75w\" sizes=\"(max-width: 225px) 100vw, 225px\" \/><\/a><\/p>\n","protected":false},"excerpt":{"rendered":"<p>\u00dea\u00f0 ger\u00f0ist um \u00fea\u00f0 bil \u00e1ri\u00f0 304 eftir Krist \u00ed \u00feorpinu Syrakusa \u00e1 Sikiley, sem er eins og \u00fei\u00f0 viti\u00f0 st\u00e6rsta eyjan \u00ed Mi\u00f0jar\u00f0arhafinu og st\u00e6rsta s\u00fdsla \u00cdtal\u00edu . Mamma L\u00fasiu sem haf\u00f0i elda\u00f0 s\u00e9r fyllta \u00f6nd daginn \u00e1\u00f0ur \u00a0en atbur\u00f0ur \u00feessarar fr\u00e1sagnar hefst.H\u00fan haf\u00f0i\u00a0 gleymt a\u00f0 setja sveskjur \u00ed fyllinguna. N\u00fa f\u00e6r h\u00fan miklar innant\u00f6kur og hjartverk. \u00a0\u00deetta mun<\/p>\n","protected":false},"author":2,"featured_media":0,"parent":0,"menu_order":0,"comment_status":"closed","ping_status":"closed","template":"","meta":[],"_links":{"self":[{"href":"https:\/\/korpulfar.is\/index.php?rest_route=\/wp\/v2\/pages\/14734"}],"collection":[{"href":"https:\/\/korpulfar.is\/index.php?rest_route=\/wp\/v2\/pages"}],"about":[{"href":"https:\/\/korpulfar.is\/index.php?rest_route=\/wp\/v2\/types\/page"}],"author":[{"embeddable":true,"href":"https:\/\/korpulfar.is\/index.php?rest_route=\/wp\/v2\/users\/2"}],"replies":[{"embeddable":true,"href":"https:\/\/korpulfar.is\/index.php?rest_route=%2Fwp%2Fv2%2Fcomments&post=14734"}],"version-history":[{"count":1,"href":"https:\/\/korpulfar.is\/index.php?rest_route=\/wp\/v2\/pages\/14734\/revisions"}],"predecessor-version":[{"id":14741,"href":"https:\/\/korpulfar.is\/index.php?rest_route=\/wp\/v2\/pages\/14734\/revisions\/14741"}],"wp:attachment":[{"href":"https:\/\/korpulfar.is\/index.php?rest_route=%2Fwp%2Fv2%2Fmedia&parent=14734"}],"curies":[{"name":"wp","href":"https:\/\/api.w.org\/{rel}","templated":true}]}}